{"id":3220,"date":"2024-11-15T21:02:00","date_gmt":"2024-11-15T19:02:00","guid":{"rendered":"https:\/\/www.cepiscopal.org\/ampa\/?page_id=3220"},"modified":"2024-11-18T15:02:44","modified_gmt":"2024-11-18T13:02:44","slug":"que-fem","status":"publish","type":"page","link":"https:\/\/www.cepiscopal.org\/ampa\/que-fem\/","title":{"rendered":"Qu\u00e8 fem?"},"content":{"rendered":"\t\t<div data-elementor-type=\"wp-page\" data-elementor-id=\"3220\" class=\"elementor elementor-3220\" data-elementor-post-type=\"page\">\n\t\t\t\t\t\t<section class=\"elementor-section elementor-top-section elementor-element elementor-element-8bd9255 elementor-section-height-min-height elementor-section-items-stretch elementor-section-content-middle elementor-section-boxed elementor-section-height-default elementor-invisible\" data-id=\"8bd9255\" data-element_type=\"section\" data-e-type=\"section\" data-settings=\"{&quot;background_background&quot;:&quot;slideshow&quot;,&quot;background_slideshow_gallery&quot;:[{&quot;id&quot;:3078,&quot;url&quot;:&quot;https:\\\/\\\/www.cepiscopal.org\\\/ampa\\\/wp-content\\\/uploads\\\/sites\\\/12\\\/2024\\\/11\\\/family-time.jpg&quot;},{&quot;id&quot;:3181,&quot;url&quot;:&quot;https:\\\/\\\/www.cepiscopal.org\\\/ampa\\\/wp-content\\\/uploads\\\/sites\\\/12\\\/2024\\\/11\\\/boy-is-sitting-desk-classroom-with-other-children.jpg&quot;},{&quot;id&quot;:3182,&quot;url&quot;:&quot;https:\\\/\\\/www.cepiscopal.org\\\/ampa\\\/wp-content\\\/uploads\\\/sites\\\/12\\\/2024\\\/11\\\/collection-pencils-with-only-yellow-one-2-1.jpg&quot;},{&quot;id&quot;:3183,&quot;url&quot;:&quot;https:\\\/\\\/www.cepiscopal.org\\\/ampa\\\/wp-content\\\/uploads\\\/sites\\\/12\\\/2024\\\/11\\\/family-blowing-soap-bubbles-outdoors-1.jpg&quot;},{&quot;id&quot;:3184,&quot;url&quot;:&quot;https:\\\/\\\/www.cepiscopal.org\\\/ampa\\\/wp-content\\\/uploads\\\/sites\\\/12\\\/2024\\\/11\\\/family-love-summer-portrt-sky-nature-happy-kids-with-parents-blue-sky-with-smile-park.jpg&quot;},{&quot;id&quot;:3186,&quot;url&quot;:&quot;https:\\\/\\\/www.cepiscopal.org\\\/ampa\\\/wp-content\\\/uploads\\\/sites\\\/12\\\/2024\\\/11\\\/group-cheerful-happy-multinational-children-shout-generative-ai-1.jpg&quot;},{&quot;id&quot;:3187,&quot;url&quot;:&quot;https:\\\/\\\/www.cepiscopal.org\\\/ampa\\\/wp-content\\\/uploads\\\/sites\\\/12\\\/2024\\\/11\\\/happy-hispanic.jpg&quot;},{&quot;id&quot;:3188,&quot;url&quot;:&quot;https:\\\/\\\/www.cepiscopal.org\\\/ampa\\\/wp-content\\\/uploads\\\/sites\\\/12\\\/2024\\\/11\\\/happy-school-child-holding-backpack-notebook-green-background.jpg&quot;},{&quot;id&quot;:3189,&quot;url&quot;:&quot;https:\\\/\\\/www.cepiscopal.org\\\/ampa\\\/wp-content\\\/uploads\\\/sites\\\/12\\\/2024\\\/11\\\/portrait-girl-reading-book.jpg&quot;},{&quot;id&quot;:3190,&quot;url&quot;:&quot;https:\\\/\\\/www.cepiscopal.org\\\/ampa\\\/wp-content\\\/uploads\\\/sites\\\/12\\\/2024\\\/11\\\/pupils-smiling-camera-library.jpg&quot;},{&quot;id&quot;:3191,&quot;url&quot;:&quot;https:\\\/\\\/www.cepiscopal.org\\\/ampa\\\/wp-content\\\/uploads\\\/sites\\\/12\\\/2024\\\/11\\\/schoolgirl-stands-against-background-blackboard-looks-camera-back-school.jpg&quot;},{&quot;id&quot;:3192,&quot;url&quot;:&quot;https:\\\/\\\/www.cepiscopal.org\\\/ampa\\\/wp-content\\\/uploads\\\/sites\\\/12\\\/2024\\\/11\\\/school-kids-talking-each-other-school-corridor.jpg&quot;},{&quot;id&quot;:3193,&quot;url&quot;:&quot;https:\\\/\\\/www.cepiscopal.org\\\/ampa\\\/wp-content\\\/uploads\\\/sites\\\/12\\\/2024\\\/11\\\/two-little-boy-smiling-playing-small-bricks-home.jpg&quot;},{&quot;id&quot;:3194,&quot;url&quot;:&quot;https:\\\/\\\/www.cepiscopal.org\\\/ampa\\\/wp-content\\\/uploads\\\/sites\\\/12\\\/2024\\\/11\\\/young-girl-happily-organizing-her-school-bag-surrounded-by-variety-educational-tools-including-rulers-glue-sticks-folders-her-joyful-expression-reflects-eagerness-learn.jpg&quot;}],&quot;background_slideshow_transition_duration&quot;:2000,&quot;background_slideshow_lazyload&quot;:&quot;yes&quot;,&quot;animation&quot;:&quot;fadeIn&quot;,&quot;background_slideshow_loop&quot;:&quot;yes&quot;,&quot;background_slideshow_slide_duration&quot;:5000,&quot;background_slideshow_slide_transition&quot;:&quot;fade&quot;}\">\n\t\t\t\t\t\t<div class=\"elementor-container elementor-column-gap-no\">\n\t\t\t\t\t<div class=\"elementor-column elementor-col-100 elementor-top-column elementor-element elementor-element-df41bcd elementor-invisible\" data-id=\"df41bcd\" data-element_type=\"column\" data-e-type=\"column\" data-settings=\"{&quot;animation&quot;:&quot;fadeIn&quot;}\">\n\t\t\t<div class=\"elementor-widget-wrap elementor-element-populated\">\n\t\t\t\t\t\t<div class=\"elementor-element elementor-element-49048d1 elementor-widget elementor-widget-spacer\" data-id=\"49048d1\" data-element_type=\"widget\" data-e-type=\"widget\" data-widget_type=\"spacer.default\">\n\t\t\t\t<div class=\"elementor-widget-container\">\n\t\t\t\t\t\t\t<div class=\"elementor-spacer\">\n\t\t\t<div class=\"elementor-spacer-inner\"><\/div>\n\t\t<\/div>\n\t\t\t\t\t\t<\/div>\n\t\t\t\t<\/div>\n\t\t\t\t<div data-dce-title-color=\"#FFFFFF\" class=\"elementor-element elementor-element-6299bb1 elementor-widget elementor-widget-heading\" data-id=\"6299bb1\" data-element_type=\"widget\" data-e-type=\"widget\" data-widget_type=\"heading.default\">\n\t\t\t\t<div class=\"elementor-widget-container\">\n\t\t\t\t\t<h1 class=\"elementor-heading-title elementor-size-default\">Qu\u00e8 fem?<\/h1>\t\t\t\t<\/div>\n\t\t\t\t<\/div>\n\t\t\t\t<div class=\"elementor-element elementor-element-1785940 elementor-widget elementor-widget-spacer\" data-id=\"1785940\" data-element_type=\"widget\" data-e-type=\"widget\" data-widget_type=\"spacer.default\">\n\t\t\t\t<div class=\"elementor-widget-container\">\n\t\t\t\t\t\t\t<div class=\"elementor-spacer\">\n\t\t\t<div class=\"elementor-spacer-inner\"><\/div>\n\t\t<\/div>\n\t\t\t\t\t\t<\/div>\n\t\t\t\t<\/div>\n\t\t\t\t\t<\/div>\n\t\t<\/div>\n\t\t\t\t\t<\/div>\n\t\t<\/section>\n\t\t\t\t<section class=\"elementor-section elementor-top-section elementor-element elementor-element-dd17638 elementor-section-full_width elementor-section-height-default elementor-section-height-default\" data-id=\"dd17638\" data-element_type=\"section\" data-e-type=\"section\">\n\t\t\t\t\t\t<div class=\"elementor-container elementor-column-gap-no\">\n\t\t\t\t\t<div class=\"elementor-column elementor-col-100 elementor-top-column elementor-element elementor-element-5cbe4ac\" data-id=\"5cbe4ac\" data-element_type=\"column\" data-e-type=\"column\">\n\t\t\t<div class=\"elementor-widget-wrap elementor-element-populated\">\n\t\t\t\t\t\t<div data-dce-text-color=\"#FFFFFF\" class=\"elementor-element elementor-element-b451961 elementor-widget elementor-widget-text-editor\" data-id=\"b451961\" data-element_type=\"widget\" data-e-type=\"widget\" data-widget_type=\"text-editor.default\">\n\t\t\t\t<div class=\"elementor-widget-container\">\n\t\t\t\t\t\t\t\t\t<p>L\u2019AMPA s\u2019organitza en comissions de treball per poder donar suport a totes les activitats que es desenvolupen en el dia a dia de l\u2019escola.<\/p>\t\t\t\t\t\t\t\t<\/div>\n\t\t\t\t<\/div>\n\t\t\t\t\t<\/div>\n\t\t<\/div>\n\t\t\t\t\t<\/div>\n\t\t<\/section>\n\t\t\t\t<section class=\"elementor-section elementor-top-section elementor-element elementor-element-50d0038 elementor-section-full_width elementor-section-height-default elementor-section-height-default\" data-id=\"50d0038\" data-element_type=\"section\" data-e-type=\"section\">\n\t\t\t\t\t\t<div class=\"elementor-container elementor-column-gap-no\">\n\t\t\t\t\t<div class=\"elementor-column elementor-col-100 elementor-top-column elementor-element elementor-element-aac9c90\" data-id=\"aac9c90\" data-element_type=\"column\" data-e-type=\"column\">\n\t\t\t<div class=\"elementor-widget-wrap elementor-element-populated\">\n\t\t\t\t\t\t<div class=\"elementor-element elementor-element-7c431d0 elementor-cta--layout-image-right elementor-cta--valign-middle elementor-cta--mobile-layout-image-above elementor-cta--skin-classic elementor-animated-content elementor-bg-transform elementor-bg-transform-zoom-in elementor-widget elementor-widget-call-to-action\" data-id=\"7c431d0\" data-element_type=\"widget\" data-e-type=\"widget\" data-widget_type=\"call-to-action.default\">\n\t\t\t\t<div class=\"elementor-widget-container\">\n\t\t\t\t\t\t\t<div class=\"elementor-cta\">\n\t\t\t\t\t<div class=\"elementor-cta__bg-wrapper\">\n\t\t\t\t<div class=\"elementor-cta__bg elementor-bg\" style=\"background-image: url(https:\/\/www.cepiscopal.org\/ampa\/wp-content\/uploads\/sites\/12\/2024\/11\/two-little-boy-smiling-playing-small-bricks-home.jpg);\" role=\"img\" aria-label=\"Dad and son smiling while playing small bricks at home\"><\/div>\n\t\t\t\t<div class=\"elementor-cta__bg-overlay\"><\/div>\n\t\t\t<\/div>\n\t\t\t\t\t\t\t<div class=\"elementor-cta__content\">\n\t\t\t\t\t\t\t\t\t<div class=\"elementor-content-item elementor-cta__content-item elementor-cta__image\">\n\t\t\t\t\t\t<img decoding=\"async\" src=\"https:\/\/www.cepiscopal.org\/ampa\/wp-content\/uploads\/sites\/12\/2024\/11\/Ampa-01.png\" title=\"Ampa-01\" alt=\"Ampa-01\" loading=\"lazy\" \/>\t\t\t\t\t<\/div>\n\t\t\t\t\n\t\t\t\t\t\t\t\t\t<h4 class=\"elementor-cta__title elementor-cta__content-item elementor-content-item\">\n\t\t\t\t\t\tFAMPAEC\t\t\t\t\t<\/h4>\n\t\t\t\t\n\t\t\t\t\t\t\t\t\t<div class=\"elementor-cta__description elementor-cta__content-item elementor-content-item\">\n\t\t\t\t\t\tRepresentaci\u00f3 dins de la Federaci\u00f3 d\u2019Associacions de Pares i Mares d\u2019Alumnes de l\u2019Escola Cristiana de Lleida. <br><br>Responsables: Patr\u00edcia Fidel i Juli\u00e1n Manzano.\t\t\t\t\t<\/div>\n\t\t\t\t\n\t\t\t\t\t\t\t<\/div>\n\t\t\t\t\t\t<\/div>\n\t\t\t\t\t\t<\/div>\n\t\t\t\t<\/div>\n\t\t\t\t<div class=\"elementor-element elementor-element-e1676c6 elementor-cta--layout-image-left elementor-cta--valign-middle elementor-cta--mobile-layout-image-above elementor-cta--skin-classic elementor-animated-content elementor-bg-transform elementor-bg-transform-zoom-in elementor-widget elementor-widget-call-to-action\" data-id=\"e1676c6\" data-element_type=\"widget\" data-e-type=\"widget\" data-widget_type=\"call-to-action.default\">\n\t\t\t\t<div class=\"elementor-widget-container\">\n\t\t\t\t\t\t\t<div class=\"elementor-cta\">\n\t\t\t\t\t<div class=\"elementor-cta__bg-wrapper\">\n\t\t\t\t<div class=\"elementor-cta__bg elementor-bg\" style=\"background-image: url(https:\/\/www.cepiscopal.org\/ampa\/wp-content\/uploads\/sites\/12\/2024\/11\/family-blowing-soap-bubbles-outdoors-1.jpg);\" role=\"img\" aria-label=\"family-blowing-soap-bubbles-outdoors\"><\/div>\n\t\t\t\t<div class=\"elementor-cta__bg-overlay\"><\/div>\n\t\t\t<\/div>\n\t\t\t\t\t\t\t<div class=\"elementor-cta__content\">\n\t\t\t\t\n\t\t\t\t\t\t\t\t\t<h4 class=\"elementor-cta__title elementor-cta__content-item elementor-content-item\">\n\t\t\t\t\t\tESPLAI EPIS\t\t\t\t\t<\/h4>\n\t\t\t\t\n\t\t\t\t\t\t\t\t\t<div class=\"elementor-cta__description elementor-cta__content-item elementor-content-item\">\n\t\t\t\t\t\tDonar suport i fomentar els valors que des de l\u2019Epis Esplai es transmeten als nostres fills\/es en els diferents esdeveniments que realitzen o col\u00b7laboren amb l\u2019escola i l\u2019AMPA: Esplai, Parc de Nadal, Setmana Santa, Col\u00f2nies d\u2019estiu, Torronada, Carnestoltes, Aplec de Buts\u00e8nit i Festa de Fi de Curs. <BR><BR>Responsables: \u00d2scar Costa i Rafa Fort.\t\t\t\t\t<\/div>\n\t\t\t\t\n\t\t\t\t\t\t\t<\/div>\n\t\t\t\t\t\t<\/div>\n\t\t\t\t\t\t<\/div>\n\t\t\t\t<\/div>\n\t\t\t\t<div class=\"elementor-element elementor-element-d2ceddd elementor-cta--layout-image-right elementor-cta--valign-middle elementor-cta--mobile-layout-image-above elementor-cta--skin-classic elementor-animated-content elementor-bg-transform elementor-bg-transform-zoom-in elementor-widget elementor-widget-call-to-action\" data-id=\"d2ceddd\" data-element_type=\"widget\" data-e-type=\"widget\" data-widget_type=\"call-to-action.default\">\n\t\t\t\t<div class=\"elementor-widget-container\">\n\t\t\t\t\t\t\t<div class=\"elementor-cta\">\n\t\t\t\t\t<div class=\"elementor-cta__bg-wrapper\">\n\t\t\t\t<div class=\"elementor-cta__bg elementor-bg\" style=\"background-image: url(https:\/\/www.cepiscopal.org\/ampa\/wp-content\/uploads\/sites\/12\/2024\/11\/happy-hispanic.jpg);\" role=\"img\" aria-label=\"Happy Hispanic\"><\/div>\n\t\t\t\t<div class=\"elementor-cta__bg-overlay\"><\/div>\n\t\t\t<\/div>\n\t\t\t\t\t\t\t<div class=\"elementor-cta__content\">\n\t\t\t\t\n\t\t\t\t\t\t\t\t\t<h4 class=\"elementor-cta__title elementor-cta__content-item elementor-content-item\">\n\t\t\t\t\t\tMENJADOR\t\t\t\t\t<\/h4>\n\t\t\t\t\n\t\t\t\t\t\t\t\t\t<div class=\"elementor-cta__description elementor-cta__content-item elementor-content-item\">\n\t\t\t\t\t\tSupervisar el servei de menjador a trav\u00e9s de reunions peri\u00f2diques amb Alessa, organitzar els dinars de pares i mares al menjador que es realitzen cada trimestre per tal que puguem veure les instal\u00b7lacions del menjador i gaudir del mateix men\u00fa dels nostres fills\/es.<BR><BR>Responsables: Juli\u00e1n Manzano i Xavier Ribes.\t\t\t\t\t<\/div>\n\t\t\t\t\n\t\t\t\t\t\t\t<\/div>\n\t\t\t\t\t\t<\/div>\n\t\t\t\t\t\t<\/div>\n\t\t\t\t<\/div>\n\t\t\t\t<div class=\"elementor-element elementor-element-2aaac1d elementor-cta--layout-image-left elementor-cta--valign-middle elementor-cta--mobile-layout-image-above elementor-cta--skin-classic elementor-animated-content elementor-bg-transform elementor-bg-transform-zoom-in elementor-widget elementor-widget-call-to-action\" data-id=\"2aaac1d\" data-element_type=\"widget\" data-e-type=\"widget\" data-widget_type=\"call-to-action.default\">\n\t\t\t\t<div class=\"elementor-widget-container\">\n\t\t\t\t\t\t\t<div class=\"elementor-cta\">\n\t\t\t\t\t<div class=\"elementor-cta__bg-wrapper\">\n\t\t\t\t<div class=\"elementor-cta__bg elementor-bg\" style=\"background-image: url(https:\/\/www.cepiscopal.org\/ampa\/wp-content\/uploads\/sites\/12\/2024\/11\/pupils-smiling-camera-library.jpg);\" role=\"img\" aria-label=\"Pupils smiling at camera in library at the elementary school\"><\/div>\n\t\t\t\t<div class=\"elementor-cta__bg-overlay\"><\/div>\n\t\t\t<\/div>\n\t\t\t\t\t\t\t<div class=\"elementor-cta__content\">\n\t\t\t\t\n\t\t\t\t\t\t\t\t\t<h4 class=\"elementor-cta__title elementor-cta__content-item elementor-content-item\">\n\t\t\t\t\t\tCONSELL ESCOLAR\t\t\t\t\t<\/h4>\n\t\t\t\t\n\t\t\t\t\t\t\t\t\t<div class=\"elementor-cta__description elementor-cta__content-item elementor-content-item\">\n\t\t\t\t\t\tParticipar de forma activa dins de les reunions del Consell Escolar i ser la veu activa dels pares i mares en la presa de decisions fonamentals per la bon funcionament de la nostra escola.\n<BR><BR>Responsables: Ramon de Antonio.\t\t\t\t\t<\/div>\n\t\t\t\t\n\t\t\t\t\t\t\t<\/div>\n\t\t\t\t\t\t<\/div>\n\t\t\t\t\t\t<\/div>\n\t\t\t\t<\/div>\n\t\t\t\t<div class=\"elementor-element elementor-element-9e74f9b elementor-cta--layout-image-right elementor-cta--valign-middle elementor-cta--mobile-layout-image-above elementor-cta--skin-classic elementor-animated-content elementor-bg-transform elementor-bg-transform-zoom-in elementor-widget elementor-widget-call-to-action\" data-id=\"9e74f9b\" data-element_type=\"widget\" data-e-type=\"widget\" data-widget_type=\"call-to-action.default\">\n\t\t\t\t<div class=\"elementor-widget-container\">\n\t\t\t\t\t\t\t<div class=\"elementor-cta\">\n\t\t\t\t\t<div class=\"elementor-cta__bg-wrapper\">\n\t\t\t\t<div class=\"elementor-cta__bg elementor-bg\" style=\"background-image: url(https:\/\/www.cepiscopal.org\/ampa\/wp-content\/uploads\/sites\/12\/2024\/11\/group-cheerful-happy-multinational-children-shout-generative-ai-1.jpg);\" role=\"img\" aria-label=\"Group of cheerful happy multinational children shout\"><\/div>\n\t\t\t\t<div class=\"elementor-cta__bg-overlay\"><\/div>\n\t\t\t<\/div>\n\t\t\t\t\t\t\t<div class=\"elementor-cta__content\">\n\t\t\t\t\n\t\t\t\t\t\t\t\t\t<h4 class=\"elementor-cta__title elementor-cta__content-item elementor-content-item\">\n\t\t\t\t\t\tFEAC\t\t\t\t\t<\/h4>\n\t\t\t\t\n\t\t\t\t\t\t\t\t\t<div class=\"elementor-cta__description elementor-cta__content-item elementor-content-item\">\n\t\t\t\t\t\tParticipar en el programa Fam\u00edlia Escola Acci\u00f3 Compartida a trav\u00e9s de les diferents xerrades que s\u2019organitzen durant el curs escolar i fomentar una via de di\u00e0leg entre les diferents fam\u00edlies i l\u2019escola sobre temes educatius.<br><br>\n\nResponsables: Nat\u00e0lia Rubio i Mireia Pardell.\t\t\t\t\t<\/div>\n\t\t\t\t\n\t\t\t\t\t\t\t<\/div>\n\t\t\t\t\t\t<\/div>\n\t\t\t\t\t\t<\/div>\n\t\t\t\t<\/div>\n\t\t\t\t<div class=\"elementor-element elementor-element-96f1367 elementor-cta--layout-image-left elementor-cta--valign-middle elementor-cta--mobile-layout-image-above elementor-cta--skin-classic elementor-animated-content elementor-bg-transform elementor-bg-transform-zoom-in elementor-widget elementor-widget-call-to-action\" data-id=\"96f1367\" data-element_type=\"widget\" data-e-type=\"widget\" data-widget_type=\"call-to-action.default\">\n\t\t\t\t<div class=\"elementor-widget-container\">\n\t\t\t\t\t\t\t<div class=\"elementor-cta\">\n\t\t\t\t\t<div class=\"elementor-cta__bg-wrapper\">\n\t\t\t\t<div class=\"elementor-cta__bg elementor-bg\" style=\"background-image: url(https:\/\/www.cepiscopal.org\/ampa\/wp-content\/uploads\/sites\/12\/2024\/11\/portrait-girl-reading-book.jpg);\" role=\"img\" aria-label=\"Portrait of girl reading book in classroom\"><\/div>\n\t\t\t\t<div class=\"elementor-cta__bg-overlay\"><\/div>\n\t\t\t<\/div>\n\t\t\t\t\t\t\t<div class=\"elementor-cta__content\">\n\t\t\t\t\n\t\t\t\t\t\t\t\t\t<h4 class=\"elementor-cta__title elementor-cta__content-item elementor-content-item\">\n\t\t\t\t\t\tDIFUSI\u00d3 I COMUNICACI\u00d3\t\t\t\t\t<\/h4>\n\t\t\t\t\n\t\t\t\t\t\t\t\t\t<div class=\"elementor-cta__description elementor-cta__content-item elementor-content-item\">\n\t\t\t\t\t\tComunicar les diferents activitats que organitzem des de l\u2019AMPA\u00a0 aix\u00ed com totes les not\u00edcies i esdeveniments importants que es realitzen a l\u2019escola i altres activitats culturals d\u2019inter\u00e8s per a les fam\u00edlies. Actualitzar de forma peri\u00f2dica els nostres canals de comunicaci\u00f3: Web, APP, Facebook, Twitter i cartellera.<br><br>\n\nResponsables: Miquel \u00c0ngel Rubio, Patr\u00edcia Fidel i Mireia Pardell.\t\t\t\t\t<\/div>\n\t\t\t\t\n\t\t\t\t\t\t\t<\/div>\n\t\t\t\t\t\t<\/div>\n\t\t\t\t\t\t<\/div>\n\t\t\t\t<\/div>\n\t\t\t\t<div class=\"elementor-element elementor-element-4881c4e elementor-cta--layout-image-right elementor-cta--valign-middle elementor-cta--mobile-layout-image-above elementor-cta--skin-classic elementor-animated-content elementor-bg-transform elementor-bg-transform-zoom-in elementor-widget elementor-widget-call-to-action\" data-id=\"4881c4e\" data-element_type=\"widget\" data-e-type=\"widget\" data-widget_type=\"call-to-action.default\">\n\t\t\t\t<div class=\"elementor-widget-container\">\n\t\t\t\t\t\t\t<div class=\"elementor-cta\">\n\t\t\t\t\t<div class=\"elementor-cta__bg-wrapper\">\n\t\t\t\t<div class=\"elementor-cta__bg elementor-bg\" style=\"background-image: url(https:\/\/www.cepiscopal.org\/ampa\/wp-content\/uploads\/sites\/12\/2024\/11\/boy-is-sitting-desk-classroom-with-other-children.jpg);\" role=\"img\" aria-label=\"A boy is sitting at a desk in a classroom with other children. He is smiling and looking at the camera\"><\/div>\n\t\t\t\t<div class=\"elementor-cta__bg-overlay\"><\/div>\n\t\t\t<\/div>\n\t\t\t\t\t\t\t<div class=\"elementor-cta__content\">\n\t\t\t\t\n\t\t\t\t\t\t\t\t\t<h4 class=\"elementor-cta__title elementor-cta__content-item elementor-content-item\">\n\t\t\t\t\t\tACTIVITATS ESPORTIVES\t\t\t\t\t<\/h4>\n\t\t\t\t\n\t\t\t\t\t\t\t\t\t<div class=\"elementor-cta__description elementor-cta__content-item elementor-content-item\">\n\t\t\t\t\t\tContribuir en l\u2019adquisici\u00f3 de material esportiu aix\u00ed com en les quotes de les diferents activitats extraescolars que ofereix l\u2019escola i promoure l\u2019activitat f\u00edsica entre els alumnes.\n\nResponsables: Maite Agudo i Nieves G\u00f3mez.\t\t\t\t\t<\/div>\n\t\t\t\t\n\t\t\t\t\t\t\t<\/div>\n\t\t\t\t\t\t<\/div>\n\t\t\t\t\t\t<\/div>\n\t\t\t\t<\/div>\n\t\t\t\t\t<\/div>\n\t\t<\/div>\n\t\t\t\t\t<\/div>\n\t\t<\/section>\n\t\t\t\t<section class=\"elementor-section elementor-top-section elementor-element elementor-element-2d9f974 elementor-section-boxed elementor-section-height-default elementor-section-height-default\" data-id=\"2d9f974\" data-element_type=\"section\" data-e-type=\"section\">\n\t\t\t\t\t\t<div class=\"elementor-container elementor-column-gap-default\">\n\t\t\t\t\t<div class=\"elementor-column elementor-col-100 elementor-top-column elementor-element elementor-element-4872b92\" data-id=\"4872b92\" data-element_type=\"column\" data-e-type=\"column\">\n\t\t\t<div class=\"elementor-widget-wrap elementor-element-populated\">\n\t\t\t\t\t\t<div class=\"elementor-element elementor-element-e7e84a1 elementor-widget elementor-widget-spacer\" data-id=\"e7e84a1\" data-element_type=\"widget\" data-e-type=\"widget\" data-widget_type=\"spacer.default\">\n\t\t\t\t<div class=\"elementor-widget-container\">\n\t\t\t\t\t\t\t<div class=\"elementor-spacer\">\n\t\t\t<div class=\"elementor-spacer-inner\"><\/div>\n\t\t<\/div>\n\t\t\t\t\t\t<\/div>\n\t\t\t\t<\/div>\n\t\t\t\t\t<\/div>\n\t\t<\/div>\n\t\t\t\t\t<\/div>\n\t\t<\/section>\n\t\t\t\t<section class=\"elementor-section elementor-top-section elementor-element elementor-element-f45280b elementor-section-full_width elementor-section-content-middle elementor-section-height-default elementor-section-height-default\" data-id=\"f45280b\" data-element_type=\"section\" data-e-type=\"section\" data-settings=\"{&quot;background_background&quot;:&quot;classic&quot;}\">\n\t\t\t\t\t\t<div class=\"elementor-container elementor-column-gap-no\">\n\t\t\t\t\t<div class=\"elementor-column elementor-col-100 elementor-top-column elementor-element elementor-element-81e2c23\" data-id=\"81e2c23\" data-element_type=\"column\" data-e-type=\"column\">\n\t\t\t<div class=\"elementor-widget-wrap elementor-element-populated\">\n\t\t\t\t\t\t<div class=\"elementor-element elementor-element-6a70663 elementor-widget elementor-widget-heading\" data-id=\"6a70663\" data-element_type=\"widget\" data-e-type=\"widget\" data-widget_type=\"heading.default\">\n\t\t\t\t<div class=\"elementor-widget-container\">\n\t\t\t\t\t<h2 class=\"elementor-heading-title elementor-size-default\">Perqu\u00e8 l'AMPA...<\/h2>\t\t\t\t<\/div>\n\t\t\t\t<\/div>\n\t\t\t\t<section class=\"elementor-section elementor-inner-section elementor-element elementor-element-133953f elementor-section-full_width elementor-section-height-default elementor-section-height-default\" data-id=\"133953f\" data-element_type=\"section\" data-e-type=\"section\">\n\t\t\t\t\t\t<div class=\"elementor-container elementor-column-gap-no\">\n\t\t\t\t\t<div class=\"elementor-column elementor-col-33 elementor-inner-column elementor-element elementor-element-160b24d\" data-id=\"160b24d\" data-element_type=\"column\" data-e-type=\"column\">\n\t\t\t<div class=\"elementor-widget-wrap elementor-element-populated\">\n\t\t\t\t\t\t<div class=\"elementor-element elementor-element-33ec926 elementor-view-stacked elementor-shape-rounded elementor-position-block-start elementor-mobile-position-block-start elementor-widget elementor-widget-icon-box\" data-id=\"33ec926\" data-element_type=\"widget\" data-e-type=\"widget\" data-widget_type=\"icon-box.default\">\n\t\t\t\t<div class=\"elementor-widget-container\">\n\t\t\t\t\t\t\t<div class=\"elementor-icon-box-wrapper\">\n\n\t\t\t\t\t\t<div class=\"elementor-icon-box-icon\">\n\t\t\t\t<span  class=\"elementor-icon elementor-animation-shrink\">\n\t\t\t\t<i aria-hidden=\"true\" class=\"fas fa-info\"><\/i>\t\t\t\t<\/span>\n\t\t\t<\/div>\n\t\t\t\n\t\t\t\t\t\t<div class=\"elementor-icon-box-content\">\n\n\t\t\t\t\t\t\t\t\t<h4 class=\"elementor-icon-box-title\">\n\t\t\t\t\t\t<span  >\n\t\t\t\t\t\t\tInformaci\u00f3\t\t\t\t\t\t<\/span>\n\t\t\t\t\t<\/h4>\n\t\t\t\t\n\t\t\t\t\t\t\t\t\t<p class=\"elementor-icon-box-description\">\n\t\t\t\t\t\tEstem informats de la realitat de les fam\u00edlies\t\t\t\t\t<\/p>\n\t\t\t\t\n\t\t\t<\/div>\n\t\t\t\n\t\t<\/div>\n\t\t\t\t\t\t<\/div>\n\t\t\t\t<\/div>\n\t\t\t\t\t<\/div>\n\t\t<\/div>\n\t\t\t\t<div class=\"elementor-column elementor-col-33 elementor-inner-column elementor-element elementor-element-90416f6\" data-id=\"90416f6\" data-element_type=\"column\" data-e-type=\"column\">\n\t\t\t<div class=\"elementor-widget-wrap elementor-element-populated\">\n\t\t\t\t\t\t<div class=\"elementor-element elementor-element-d50890e elementor-view-stacked elementor-shape-rounded elementor-position-block-start elementor-mobile-position-block-start elementor-widget elementor-widget-icon-box\" data-id=\"d50890e\" data-element_type=\"widget\" data-e-type=\"widget\" data-widget_type=\"icon-box.default\">\n\t\t\t\t<div class=\"elementor-widget-container\">\n\t\t\t\t\t\t\t<div class=\"elementor-icon-box-wrapper\">\n\n\t\t\t\t\t\t<div class=\"elementor-icon-box-icon\">\n\t\t\t\t<span  class=\"elementor-icon elementor-animation-shrink\">\n\t\t\t\t<i aria-hidden=\"true\" class=\"far fa-comment\"><\/i>\t\t\t\t<\/span>\n\t\t\t<\/div>\n\t\t\t\n\t\t\t\t\t\t<div class=\"elementor-icon-box-content\">\n\n\t\t\t\t\t\t\t\t\t<h4 class=\"elementor-icon-box-title\">\n\t\t\t\t\t\t<span  >\n\t\t\t\t\t\t\tParticipaci\u00f3\t\t\t\t\t\t<\/span>\n\t\t\t\t\t<\/h4>\n\t\t\t\t\n\t\t\t\t\t\t\t\t\t<p class=\"elementor-icon-box-description\">\n\t\t\t\t\t\tTreballem pel futur dels nostres fills i filles\t\t\t\t\t<\/p>\n\t\t\t\t\n\t\t\t<\/div>\n\t\t\t\n\t\t<\/div>\n\t\t\t\t\t\t<\/div>\n\t\t\t\t<\/div>\n\t\t\t\t\t<\/div>\n\t\t<\/div>\n\t\t\t\t<div class=\"elementor-column elementor-col-33 elementor-inner-column elementor-element elementor-element-aa307dd\" data-id=\"aa307dd\" data-element_type=\"column\" data-e-type=\"column\">\n\t\t\t<div class=\"elementor-widget-wrap elementor-element-populated\">\n\t\t\t\t\t\t<div class=\"elementor-element elementor-element-23e760b elementor-view-stacked elementor-shape-rounded elementor-position-block-start elementor-mobile-position-block-start elementor-widget elementor-widget-icon-box\" data-id=\"23e760b\" data-element_type=\"widget\" data-e-type=\"widget\" data-widget_type=\"icon-box.default\">\n\t\t\t\t<div class=\"elementor-widget-container\">\n\t\t\t\t\t\t\t<div class=\"elementor-icon-box-wrapper\">\n\n\t\t\t\t\t\t<div class=\"elementor-icon-box-icon\">\n\t\t\t\t<span  class=\"elementor-icon elementor-animation-shrink\">\n\t\t\t\t<i aria-hidden=\"true\" class=\"far fa-folder-open\"><\/i>\t\t\t\t<\/span>\n\t\t\t<\/div>\n\t\t\t\n\t\t\t\t\t\t<div class=\"elementor-icon-box-content\">\n\n\t\t\t\t\t\t\t\t\t<h4 class=\"elementor-icon-box-title\">\n\t\t\t\t\t\t<span  >\n\t\t\t\t\t\t\tFormaci\u00f3\t\t\t\t\t\t<\/span>\n\t\t\t\t\t<\/h4>\n\t\t\t\t\n\t\t\t\t\t\t\t\t\t<p class=\"elementor-icon-box-description\">\n\t\t\t\t\t\tQue ens permet entendre millor el nostres fills\t\t\t\t\t<\/p>\n\t\t\t\t\n\t\t\t<\/div>\n\t\t\t\n\t\t<\/div>\n\t\t\t\t\t\t<\/div>\n\t\t\t\t<\/div>\n\t\t\t\t\t<\/div>\n\t\t<\/div>\n\t\t\t\t\t<\/div>\n\t\t<\/section>\n\t\t\t\t\t<\/div>\n\t\t<\/div>\n\t\t\t\t\t<\/div>\n\t\t<\/section>\n\t\t\t\t<\/div>\n\t\t","protected":false},"excerpt":{"rendered":"<p>Qu\u00e8 fem? L\u2019AMPA s\u2019organitza en comissions de treball per poder donar suport a totes les activitats que es desenvolupen en el dia a dia de l\u2019escola. FAMPAEC Representaci\u00f3 dins de la Federaci\u00f3 d\u2019Associacions de Pares i Mares d\u2019Alumnes de l\u2019Escola Cristiana de Lleida. Responsables: Patr\u00edcia Fidel i Juli\u00e1n Manzano. ESPLAI EPIS Donar suport i fomentar [&hellip;]<\/p>\n","protected":false},"author":1,"featured_media":0,"parent":0,"menu_order":0,"comment_status":"closed","ping_status":"closed","template":"","meta":{"footnotes":""},"class_list":["post-3220","page","type-page","status-publish","hentry"],"_links":{"self":[{"href":"https:\/\/www.cepiscopal.org\/ampa\/wp-json\/wp\/v2\/pages\/3220","targetHints":{"allow":["GET"]}}],"collection":[{"href":"https:\/\/www.cepiscopal.org\/ampa\/wp-json\/wp\/v2\/pages"}],"about":[{"href":"https:\/\/www.cepiscopal.org\/ampa\/wp-json\/wp\/v2\/types\/page"}],"author":[{"embeddable":true,"href":"https:\/\/www.cepiscopal.org\/ampa\/wp-json\/wp\/v2\/users\/1"}],"replies":[{"embeddable":true,"href":"https:\/\/www.cepiscopal.org\/ampa\/wp-json\/wp\/v2\/comments?post=3220"}],"version-history":[{"count":47,"href":"https:\/\/www.cepiscopal.org\/ampa\/wp-json\/wp\/v2\/pages\/3220\/revisions"}],"predecessor-version":[{"id":3375,"href":"https:\/\/www.cepiscopal.org\/ampa\/wp-json\/wp\/v2\/pages\/3220\/revisions\/3375"}],"wp:attachment":[{"href":"https:\/\/www.cepiscopal.org\/ampa\/wp-json\/wp\/v2\/media?parent=3220"}],"curies":[{"name":"wp","href":"https:\/\/api.w.org\/{rel}","templated":true}]}}